{"id":205,"date":"2021-07-29T12:37:51","date_gmt":"2021-07-29T10:37:51","guid":{"rendered":"https:\/\/Initiativprojekte.blogs.ruhr-uni-bochum.de\/?page_id=205"},"modified":"2024-08-26T17:22:20","modified_gmt":"2024-08-26T15:22:20","slug":"sonstige-formate","status":"publish","type":"page","link":"https:\/\/initiativprojekte.blogs.ruhr-uni-bochum.de\/Startseite\/sonstige-formate\/","title":{"rendered":"Sonstige Formate"},"content":{"rendered":"<div class=\"wp-block-image\">\n<figure class=\"aligncenter size-large is-resized\"><img loading=\"lazy\" decoding=\"async\" width=\"1024\" height=\"683\" src=\"https:\/\/Initiativprojekte.blogs.ruhr-uni-bochum.de\/wp-content\/uploads\/2021\/07\/08_Das-Projekt-Hermaion-verteilt-Flyer-1024x683.jpg\" alt=\"\" class=\"wp-image-49\" style=\"width:830px;height:550px\" srcset=\"https:\/\/Initiativprojekte.blogs.ruhr-uni-bochum.de\/wp-content\/uploads\/2021\/07\/08_Das-Projekt-Hermaion-verteilt-Flyer-1024x683.jpg 1024w, https:\/\/Initiativprojekte.blogs.ruhr-uni-bochum.de\/wp-content\/uploads\/2021\/07\/08_Das-Projekt-Hermaion-verteilt-Flyer-300x200.jpg 300w, https:\/\/Initiativprojekte.blogs.ruhr-uni-bochum.de\/wp-content\/uploads\/2021\/07\/08_Das-Projekt-Hermaion-verteilt-Flyer-768x512.jpg 768w, https:\/\/Initiativprojekte.blogs.ruhr-uni-bochum.de\/wp-content\/uploads\/2021\/07\/08_Das-Projekt-Hermaion-verteilt-Flyer-1536x1024.jpg 1536w, https:\/\/Initiativprojekte.blogs.ruhr-uni-bochum.de\/wp-content\/uploads\/2021\/07\/08_Das-Projekt-Hermaion-verteilt-Flyer.jpg 1920w\" sizes=\"auto, (max-width: 1024px) 100vw, 1024px\" \/><figcaption class=\"wp-element-caption\"> \u00a9 RUB, Marquard <\/figcaption><\/figure>\n<\/div>\n\n\n<hr class=\"wp-block-separator has-text-color has-alpha-channel-opacity has-background is-style-wide\" style=\"background-color:#e7e7e7;color:#e7e7e7\"\/>\n\n\n\n<h2 class=\"wp-block-heading has-text-color has-large-font-size\" style=\"color:#17365c;text-transform:uppercase\"><strong>Sonstige Formate<\/strong><\/h2>\n\n\n\n<div style=\"height:29px\" aria-hidden=\"true\" class=\"wp-block-spacer\"><\/div>\n\n\n\n<h3 class=\"wp-block-heading has-text-color has-medium-font-size\" style=\"color:#8dae10;text-transform:uppercase\"><strong>Bioabfall: Potenzial- und Wirtschaftlichkeitsanalyse<\/strong><\/h3>\n\n\n\n<p class=\"has-text-color\" style=\"color:#17365c\">Dabei untersuchen die Studierenden L\u00f6sungen f\u00fcr die Nutzung von organischen Abf\u00e4llen. Au\u00dferdem wird die M\u00f6glichkeit der Einf\u00fchrung einer Biotonne an (AKAF\u00d6-) Studentenwohnheimen. Um das Projekt zu realisieren werden wir Recherchen zu den Themen betreiben, Infoflyer f\u00fcr die allt\u00e4gliche Abfallentsorgung entwickeln, Umfragen unter den Studierenden gepr\u00fcft und die Auswertung dieser Umfragen f\u00fcr die Allgemeinheit zug\u00e4nglich gemacht.<\/p>\n\n\n\n<p class=\"has-text-color\" style=\"color:#17365c\"><strong>Website:<\/strong> <a href=\"https:\/\/nachhaltigkeitsforum.wordpress.com\/die-arbeitskreise\/ak-bioabfall\/\">https:\/\/nachhaltigkeitsforum.wordpress.com\/die-arbeitskreise\/ak-bioabfall\/<\/a><\/p>\n\n\n\n<div style=\"height:29px\" aria-hidden=\"true\" class=\"wp-block-spacer\"><\/div>\n\n\n\n<hr class=\"wp-block-separator has-text-color has-alpha-channel-opacity has-background is-style-wide\" style=\"background-color:#e7e7e7;color:#e7e7e7\"\/>\n\n\n\n<h3 class=\"wp-block-heading has-text-color has-medium-font-size\" style=\"color:#8dae10;text-transform:uppercase\"><strong>Camptours<\/strong><\/h3>\n\n\n\n<p class=\"has-text-color\" style=\"color:#17365c\"><strong>Aktuell: <\/strong>Das studentische Initiativprojekt &#8222;Camptours&#8220; wurde Anfang des Jahres 2023 beendet. Damit die Idee des Projektes bestehen bleibt, sind die Verantwortlichen des Projektes stets unter der Mail-Adresse des Initiativprojektes erreichbar. Falls es demnach noch zu Fragen kommt oder sogar das Interesse einer eigenen Tourerstellung existiert, steht das Camptours-Team mit Hilfe zur Seite.<\/p>\n\n\n\n<p class=\"has-text-color\" style=\"color:#17365c\">Von schnellerem Zurechtfinden auf dem Campus bis hin zu Unternehmungen mit anderen Studierenden \u2013 das im Jahr 2022 gestartete studentische Initiativprojekt Camptours erm\u00f6glicht Interessierten, mithilfe des Programms Actionbound an digitalen Touren von einem Ort zum anderen teilzunehmen. Dar\u00fcber hinaus bieten wir Workshops an, die Sie dabei unterst\u00fctzen, selbst solche Touren zu erstellen. Diese Touren k\u00f6nnen auf vielf\u00e4ltige Weise, zum Beispiel durch visuelles Material, Quizzes und online Wettbewerbe, bereichert werden. So kann Studierenden, vor allem denjenigen, die sich im ersten Semester befinden, die Orientierung auf dem Campus erleichtert werden. Es k\u00f6nnen Touren zu den R\u00e4umlichkeiten von Service-, Beratungs- und Freizeitangeboten aber auch zu den Geb\u00e4uden des Fachunterrichts erstellt werden. <\/p>\n\n\n\n<p class=\"has-text-color\" style=\"color:#17365c\"><strong>Kontakt:<\/strong> <a href=\"mailto:stud-projekt-camptours@rub.de\">stud-projekt-camptours@rub.de<\/a><\/p>\n\n\n\n<div style=\"height:29px\" aria-hidden=\"true\" class=\"wp-block-spacer\"><\/div>\n\n\n\n<hr class=\"wp-block-separator has-text-color has-alpha-channel-opacity has-background is-style-wide\" style=\"background-color:#e7e7e7;color:#e7e7e7\"\/>\n\n\n\n<h3 class=\"wp-block-heading has-text-color has-medium-font-size\" style=\"color:#8dae10;text-transform:uppercase\"><strong><strong>Exegese im 21. Jahrhundert<\/strong><\/strong><\/h3>\n\n\n\n<p class=\"has-text-color\" style=\"color:#17365c\">Die Workshopreihe \u201eExegese im 21. Jahrhundert\u201c pr\u00e4sentierte weniger bekannter, aber bedeutend effizienterer Onlinehilfsmittel neue Perspektiven der Recherche, Analyse und Pr\u00e4sentation im Bereich der biblischen Textauslegung. Auf diese Weise wird zu einer kompetenten Nutzung verschiedener M\u00f6glichkeiten in diesen drei Bereichen angeleitet. Ebenso wurde die Einbindung in den wissenschaftlichen Diskurs gef\u00f6rdert mit dem Ziel Exegese mit den neuesten M\u00f6glichkeiten voranzubringen: Es wurden mehr Zugangsm\u00f6glichkeiten und Lizenzen f\u00fcr Online-Hilfsmittel angeschafft.&nbsp;<\/p>\n\n\n\n<div style=\"height:29px\" aria-hidden=\"true\" class=\"wp-block-spacer\"><\/div>\n\n\n\n<hr class=\"wp-block-separator has-text-color has-alpha-channel-opacity has-background is-style-wide\" style=\"background-color:#e7e7e7;color:#e7e7e7\"\/>\n\n\n\n<h3 class=\"wp-block-heading has-text-color has-medium-font-size\" style=\"color:#8dae10;text-transform:uppercase\"><strong>Fit ins Ref!<\/strong><\/h3>\n\n\n\n<p class=\"has-text-color\" style=\"color:#17365c\">Die Lehrveranstaltung richtete sich vorrangig an Studierende, die sich in der Endphase ihres Masters of Education befanden. Durch die M\u00f6glichkeit, individuell aus sieben Lehreinheiten ausw\u00e4hlen zu k\u00f6nnen, waren die Studierenden in der Lage ihren F\u00e4higkeiten und Bed\u00fcrfnissen entsprechend ihren Erfahrungs- und Wissenshorizont gezielt zu erweitern und sich gezielt auf das Referendariat vorzubereiten. Das Absolvieren einer einzelnen Einheit inklusive eines obligatorischen Vorbereitungs- und Reflexionstreffen wurde bescheinigt.&nbsp;<\/p>\n\n\n\n<div style=\"height:29px\" aria-hidden=\"true\" class=\"wp-block-spacer\"><\/div>\n\n\n\n<hr class=\"wp-block-separator has-text-color has-alpha-channel-opacity has-background is-style-wide\" style=\"background-color:#e7e7e7;color:#e7e7e7\"\/>\n\n\n\n<h3 class=\"wp-block-heading has-text-color has-medium-font-size\" style=\"color:#8dae10;text-transform:uppercase\"><strong>Formula Student<\/strong><\/h3>\n\n\n\n<p class=\"has-text-color\" style=\"color:#17365c\">Mit diesem spannenden Projektkurs haben die Studierenden die M\u00f6glichkeit, in einem gro\u00dfen Team an der Entwicklung eines Rennwagens mitzuwirken. \u00dcber ein Semester hinweg werden selbstst\u00e4ndig verschiedene ingenieurstechnische und wirtschaftswissenschaftliche Themen bearbeitet. Begleitend dazu finden Vorlesungen zu den einzelnen Entwicklungsprozessen statt. Die Ergebnisse und Entwicklungen werden umfassend dokumentiert und in einem Abschlussvortrag vorgestellt. Anschlie\u00dfend werden die Pl\u00e4ne in die Tat umgesetzt: Sei es die Fertigung eines komplexen CNC-Fr\u00e4steils oder die Vorstellung eines Business Plans vor Fachpublikum: Gemeinsam mit RUB Motorsport, dem Formula Student Team der Ruhr-Universit\u00e4t, messen sich die Teilnehmer mit anderen Teams von Universit\u00e4ten aus aller Welt. Das Besondere: Sowohl Organisation als auch Ausarbeitung werden vollst\u00e4ndig von Studierenden geplant und durchgef\u00fchrt. Einzig die Abschlussbewertung findet dann durch einen Professor statt.&nbsp;<\/p>\n\n\n\n<p><strong>Website:<\/strong> <a href=\"https:\/\/rubmotorsport.de\/\">https:\/\/rubmotorsport.de\/<\/a><\/p>\n\n\n\n<div style=\"height:29px\" aria-hidden=\"true\" class=\"wp-block-spacer\"><\/div>\n\n\n\n<hr class=\"wp-block-separator has-text-color has-alpha-channel-opacity has-background is-style-wide\" style=\"background-color:#e7e7e7;color:#e7e7e7\"\/>\n\n\n\n<h3 class=\"wp-block-heading has-text-color has-medium-font-size\" style=\"color:#8dae10;text-transform:uppercase\"><strong>Inklusive Inklusion<\/strong><\/h3>\n\n\n\n<p class=\"has-text-color\" style=\"color:#17365c\">Das Konzept der Inklusion ist seit 2013 in NRW gesetzlich verankert. Nichtsdestotrotz kommen Studierende oftmals mit der Inklusion erst im Referendariat in Kontakt. Hier setzt das Projekt an:\u00a0<br>Die Blockveranstaltung sollte interessierten Studierenden die M\u00f6glichkeit geben, sich mit dem Thema \u201aInklusion in der Schule\u2019 auseinanderzusetzen. Ein Experte f\u00fchrte in einem ersten Schritt zum Thema hin und stellte h\u00e4ufige Herausforderungen vor. In einem zweiten Schritt wurden daraufhin vier Workshops angeboten. Der Workshop fand zwei Mal statt.\u00a0<\/p>\n\n\n\n<div style=\"height:29px\" aria-hidden=\"true\" class=\"wp-block-spacer\"><\/div>\n\n\n\n<hr class=\"wp-block-separator has-text-color has-alpha-channel-opacity has-background is-style-wide\" style=\"background-color:#e7e7e7;color:#e7e7e7\"\/>\n\n\n\n<h3 class=\"wp-block-heading has-text-color has-medium-font-size\" style=\"color:#8dae10;text-transform:uppercase\"><strong>inSIGHTS<\/strong><\/h3>\n\n\n\n<p class=\"has-text-color\" style=\"color:#17365c\"><em>\u201eWas erwartet mich in meinem Studium und welche Eigenschaften und Voraussetzungen sollte ich f\u00fcr mein Studienfach mitbringen?\u201c<\/em> Antworten auf diese oder \u00e4hnliche Fragen gibt der webbasierte Selbsttest f\u00fcr Studieninteressierte am BA-Studiengang Religionswissenschaft an der RUB. Studieninteressierte werden im Test durch vier Abschnitte gef\u00fchrt,im Anschluss erhalten diese ein ausf\u00fchrliches, pers\u00f6nliches Feedback mit Hinweisen zu Beratungsangeboten und prop\u00e4deutischen Medien. Nachdem der Test erfolgreich entwickelt wurde, steht er allen Studieninteressierten zur Verf\u00fcgung. <\/p>\n\n\n\n<div style=\"height:29px\" aria-hidden=\"true\" class=\"wp-block-spacer\"><\/div>\n\n\n\n<hr class=\"wp-block-separator has-text-color has-alpha-channel-opacity has-background is-style-wide\" style=\"background-color:#e7e7e7;color:#e7e7e7\"\/>\n\n\n\n<h3 class=\"wp-block-heading has-text-color has-medium-font-size\" style=\"color:#8dae10;text-transform:uppercase\"><strong><strong>inSTATISTICS<\/strong><\/strong><\/h3>\n\n\n\n<p>Mangelnde \u00dcbung im Umgang mit Statistikprogrammen halten viele davon ab, eine quantitative empirische Abschlussarbeit anzugehen. Dabei sind praktische Statistikkenntnisse in den Berufsfeldern von Geistes- und Gesellschaftswissenschaftler\/\u00adinnen von besonderer Bedeutung. An dieser Stelle setzt das Projekt inSTATISTICS an: Mit einem individuellen Angebot, bestehend aus einer pers\u00f6nlichen Beratung und Software\u00adTraining unterst\u00fctzen wir Studierende bei Ihrer Abschluss\u00ad oder Seminararbeit.&nbsp;<\/p>\n\n\n\n<p><strong>Hinweis:<\/strong> Die Weiterentwicklung dieser Angebote sind im Methodenzentrum der RUB zu finden. Zum Methodenzentrum geht es hier: <a href=\"https:\/\/methodenzentrum.ruhr-uni-bochum.de\/\">https:\/\/methodenzentrum.ruhr-uni-bochum.de\/<\/a><\/p>\n\n\n\n<div style=\"height:29px\" aria-hidden=\"true\" class=\"wp-block-spacer\"><\/div>\n\n\n\n<hr class=\"wp-block-separator has-text-color has-alpha-channel-opacity has-background is-style-wide\" style=\"background-color:#e7e7e7;color:#e7e7e7\"\/>\n\n\n\n<h3 class=\"wp-block-heading has-text-color has-medium-font-size\" style=\"color:#8dae10;text-transform:uppercase\"><strong>Wie verstehen wir das Leben? \u2013 Der Lebensbegriff im Kontext der Wissenschaft<\/strong><\/h3>\n\n\n\n<p>Das freie Seminar nimmt den Lebensbegriff als Ausgangspunkt f\u00fcr die Thematisierung der Bedingungen und M\u00f6glichkeiten von Wissenschaft. Als ein zentraler, vergleichsweise offener und multidisziplin\u00e4rer Forschungsgegenstand bietet der Begriff des Lebens bzw. der damit bezeichnete Gesamtzusammenhang eine geeignete Grundlage f\u00fcr einen inter-disziplin\u00e4ren Austausch innerhalb der Wissenschaften. Vortr\u00e4ge von verschiedenen Dozierenden zu exemplarischen Themen aus den Bereichen Philosophie, Sozialwissenschaft, Psychologie, Anthropologie und Biologie bieten den Studierenden die Gelegenheit, sich an diesem Austausch zu beteiligen. Die Veranstaltung findet daher in einem gemischten, offenen und flexiblen Format statt. Die Arbeit mit Texten und ein aktiver Dialog mit Dozierenden unterschiedlicher Fakult\u00e4ten, sind konstruktive Mittel interdisziplin\u00e4rer Verst\u00e4ndigung. Zusammen sollen durch systematische und multiperspektivische Zug\u00e4nge zum Leben zentrale Erkenntnisinteressen an einem gemeinsam geteilten Sinn f\u00fcr ein gemeinschaftliches Arbeiten geschaffen werden. Das Leben \u00f6ffnet hierf\u00fcr den entsprechenden Raum f\u00fcr Aushandlung und verbindet gleichsam Theorie mit der Praxis.<\/p>\n\n\n\n<div style=\"height:29px\" aria-hidden=\"true\" class=\"wp-block-spacer\"><\/div>\n\n\n\n<hr class=\"wp-block-separator has-text-color has-alpha-channel-opacity has-background is-style-wide\" style=\"background-color:#e7e7e7;color:#e7e7e7\"\/>\n\n\n\n<h3 class=\"wp-block-heading has-text-color has-medium-font-size\" style=\"color:#8dae10;text-transform:uppercase\"><strong>Lernen durch Erinnern \u2013 neue Perspektiven auf Erinnerungskultur und Bochumer Stadtgeschichte im 20. Jahrhundert<\/strong><\/h3>\n\n\n\n<p>Die Bochumer Stadt- und Studierendenzeitung berichtete im Februar \u00fcber den \u201ewiedererwachenden Antisemitismus\u201c; im M\u00e4rz berichteten j\u00fcdische Gemeindemitglieder in der WAZ \u00fcber antisemitische Vorf\u00e4lle in Bochum, und auch deutschlandweit h\u00e4ufen sich diese. Solchen Entwicklungen wollen wir mit unserem Projekt entgegenwirken, indem wir die Erinnerungskultur in Bochum an den Holocaust pr\u00e4senter und zug\u00e4nglicher gestalten. Durch Vortr\u00e4ge zur Stadtgeschichte in der NS-Zeit, Stadttouren zu ehemaligen Zwangsarbeitslagern und Online-Informationsangeboten sollen vor allem junge Menschen an den Schulen und an der Universit\u00e4t, aber auch alle anderen Einwohnerinnen und Einwohnern Bochums f\u00fcr die Lokalgeschichte unserer Stadt sensibilisiert werden.&nbsp;<\/p>\n\n\n\n<p><strong>Website: <\/strong><a href=\"https:\/\/lernendurcherinnern.ruhr-uni-bochum.de\/\">https:\/\/lernendurcherinnern.ruhr-uni-bochum.de\/<\/a> <\/p>\n\n\n\n<figure class=\"wp-block-embed aligncenter is-type-video is-provider-youtube wp-block-embed-youtube wp-embed-aspect-16-9 wp-has-aspect-ratio\"><div class=\"wp-block-embed__wrapper\">\n<iframe loading=\"lazy\" title=\"Projektvorstellung Lernen durch Erinnern\" width=\"800\" height=\"450\" src=\"https:\/\/www.youtube.com\/embed\/PJwolGXKzI8?feature=oembed\" frameborder=\"0\" allow=\"accelerometer; autoplay; clipboard-write; encrypted-media; gyroscope; picture-in-picture; web-share\" referrerpolicy=\"strict-origin-when-cross-origin\" allowfullscreen><\/iframe>\n<\/div><figcaption class=\"wp-element-caption\">Projektvorstellung Lernen durch Erinnern<\/figcaption><\/figure>\n\n\n\n<div style=\"height:29px\" aria-hidden=\"true\" class=\"wp-block-spacer\"><\/div>\n\n\n\n<hr class=\"wp-block-separator has-text-color has-alpha-channel-opacity has-background is-style-wide\" style=\"background-color:#e7e7e7;color:#e7e7e7\"\/>\n\n\n\n<h3 class=\"wp-block-heading has-text-color has-medium-font-size\" style=\"color:#8dae10;text-transform:uppercase\"><strong>Mit Erfolg Studieren in der Koreanistik<\/strong><\/h3>\n\n\n\n<p class=\"has-text-color\" style=\"color:#17365c\">Das Bachelor-Studium nach Bologna fordert nicht wenig von seinen Studenten. Dichte Stundenpl\u00e4ne innerhalb k\u00fcrzester Zeit zu absolvieren, ohne g\u00e4nzlich auf Erholungsphasen und Privatleben zu verzichten erfordern ein Ma\u00df an Selbstorganisation und Kompetenz, dessen Entwicklung meist nicht mit eingeplant ist. Mit diesem Tutorium soll entgegen gewirkt werden: Es bietet L\u00f6sungen f\u00fcr die h\u00e4ufigsten Stolpersteine w\u00e4hrend des Studiums und dies in einem leicht-verdaulichen Format und mit der M\u00f6glichkeit auf individuelle Bed\u00fcrfnisse einzugehen.<\/p>\n\n\n\n<div style=\"height:29px\" aria-hidden=\"true\" class=\"wp-block-spacer\"><\/div>\n\n\n\n<hr class=\"wp-block-separator has-text-color has-alpha-channel-opacity has-background is-style-wide\" style=\"background-color:#e7e7e7;color:#e7e7e7\"\/>\n\n\n\n<h3 class=\"wp-block-heading has-text-color has-medium-font-size\" style=\"color:#8dae10;text-transform:uppercase\"><strong>Nydus One \u2013&nbsp;<br>Interdisciplinary student initiative<\/strong><\/h3>\n\n\n\n<p class=\"has-text-color\" style=\"color:#17365c\">Das Projekt arbeitet an der Nutzung und Ausgestaltung des wissenschaftlichen Inkubators (Nydus) f\u00fcr ein innovatives Seminarkonzept zu Bioprinting (3D-Druck), agilen Methoden und einem Hackathlon in Kooperation mit der Uni Witten-Herdecke.<br>Weitere Informationen folgen in K\u00fcrze.\u00a0g von Studierenden geplant und durchgef\u00fchrt. Einzig die Abschlussbewertung findet dann durch einen Professor statt.\u00a0<\/p>\n\n\n\n<p><strong>Website:<\/strong> <a href=\"https:\/\/nydus.one\/wiki\/index.php\/Main_Page\">https:\/\/nydus.one\/wiki\/index.php\/Main_Page<\/a><\/p>\n\n\n\n<div style=\"height:29px\" aria-hidden=\"true\" class=\"wp-block-spacer\"><\/div>\n\n\n\n<hr class=\"wp-block-separator has-text-color has-alpha-channel-opacity has-background is-style-wide\" style=\"background-color:#e7e7e7;color:#e7e7e7\"\/>\n\n\n\n<h3 class=\"wp-block-heading has-text-color has-medium-font-size\" style=\"color:#8dae10;text-transform:uppercase\"><strong>Online-Video-Tutorien Chemie<\/strong><\/h3>\n\n\n\n<p class=\"has-text-color\" style=\"color:#17365c\">Lernen f\u00fcr Klausuren kann anstrengend sein. Gerade mit einem zweiten Fach oder einem Nebenjob kann man manchmal nicht alle \u00dcbungsveranstaltungen w\u00e4hrend des Semesters besuchen und muss sich m\u00fchsam selber die \u00dcbungsaufgaben erkl\u00e4ren. Mit diesem Projekt konnten Studierende der Organischen Chemie I sich im eigenen Tempo erkl\u00e4rende und fordernde Videos zu \u00dcbungs- und Klausuraufgaben anschauen und daraus L\u00f6sungstaktiken f\u00fcr ihre eigenen Lernaufgaben gewinnen. Neben den erforderlichen Kenntnissen wurden auch Anreize gegeben, sich \u00fcber den Lehrstoff hinaus auch mit weiteren Themen zu besch\u00e4ftigen.&nbsp;<\/p>\n\n\n\n<div style=\"height:29px\" aria-hidden=\"true\" class=\"wp-block-spacer\"><\/div>\n\n\n\n<hr class=\"wp-block-separator has-text-color has-alpha-channel-opacity has-background is-style-wide\" style=\"background-color:#e7e7e7;color:#e7e7e7\"\/>\n\n\n\n<h3 class=\"wp-block-heading has-text-color has-medium-font-size\" style=\"color:#8dae10;text-transform:uppercase\"><strong>Sales Challenge Bochum<\/strong><\/h3>\n\n\n\n<p class=\"has-text-color\" style=\"color:#17365c\">Im Mittelpunkt der \u201eSales Challenge Bochum\u201c steht f\u00fcr die Studierenden die Anwendung und Weiterentwicklung der Vertriebskompetenz sowie der Austausch mit erfahrenen Vertriebsingenieuren aus der Industrie. Das w\u00e4hrend des Coachings gewonnene Wissen soll im Rahmen von simulierten Gespr\u00e4chssituationen und Produktpr\u00e4sentationen zu einem beispielhaften technischen Produkt erprobt werden. Die Teilnehmenden werden auf mehrere Teams aufgeteilt. Diese Teams werden von erfahrenen Vertriebsingenieuren aus der Industrie gecoacht. An zwei aufeinander folgenden Tagen sollen die Teams in mehreren simulierten Situationen gegeneinander antreten. Zu jeder der Situationen soll es zun\u00e4chst einen Theorieinput durch Gastvortr\u00e4ge geben. Anschlie\u00dfend bereiten sich die Studierenden in ihren Teams unter der Anweisung ihres Coaches auf das entsprechende Gespr\u00e4ch vor.&nbsp;<\/p>\n\n\n\n<div style=\"height:29px\" aria-hidden=\"true\" class=\"wp-block-spacer\"><\/div>\n\n\n\n<hr class=\"wp-block-separator has-text-color has-alpha-channel-opacity has-background is-style-wide\" style=\"background-color:#e7e7e7;color:#e7e7e7\"\/>\n\n\n\n<h3 class=\"wp-block-heading has-text-color has-medium-font-size\" style=\"color:#8dae10;text-transform:uppercase\"><strong>Studentische Forschungswerkstatt<\/strong><\/h3>\n\n\n\n<p class=\"has-text-color\" style=\"color:#17365c\">Das Projekt bietet Unterst\u00fctzung f\u00fcr Studierende aller Fachrichtungen an, die empirische Hausarbeiten, Forschungsprojekte und Abschlussarbeiten mithilfe qualitativer Methoden der Sozialforschung schreiben m\u00f6chten. Nach dem Motto \u201eVon Studierenden \u2013 f\u00fcr Studierende&#8220; besteht das Angebot aus drei Bausteinen: Kolloquium, Workshops und individuelle Beratungen, welche unabh\u00e4ngig vom Arbeitsstand besucht werden k\u00f6nnen.&nbsp;<\/p>\n\n\n\n<div style=\"height:29px\" aria-hidden=\"true\" class=\"wp-block-spacer\"><\/div>\n\n\n\n<hr class=\"wp-block-separator has-text-color has-alpha-channel-opacity has-background is-style-wide\" style=\"background-color:#e7e7e7;color:#e7e7e7\"\/>\n\n\n\n<h3 class=\"wp-block-heading has-text-color has-medium-font-size\" style=\"color:#8dae10;text-transform:uppercase\"><strong>stutor \u2013 Plattform f\u00fcr den interdisziplin\u00e4ren Austausch an der Uni<\/strong><\/h3>\n\n\n\n<p class=\"has-text-color\" style=\"color:#17365c\">Ziel des Projekts \u201estutor\u201c ist es, die Vernetzung der Studierenden an der Universit\u00e4t zu verbessern. So wollen wir den Service an der Uni, um eine Plattform erweitern, die zus\u00e4tzlich zur klassischen Lehre Studierenden erlaubt, sich untereinander Hilfe anzubieten und bei Bedarf schnell zu finden. Studierenden soll so erm\u00f6glicht werden ihre Lehrqualit\u00e4ten durch kostenlose Schulungen zu verbessern und sich leicht ein Netzwerk aufbauen zu k\u00f6nnen. So soll das alte Konzept der Nachhilfevermittlung kombiniert mit dem Tutorenprogramm modernisiert werden.&nbsp;<\/p>\n\n\n\n<div style=\"height:29px\" aria-hidden=\"true\" class=\"wp-block-spacer\"><\/div>\n\n\n\n<hr class=\"wp-block-separator has-text-color has-alpha-channel-opacity has-background is-style-wide\" style=\"background-color:#e7e7e7;color:#e7e7e7\"\/>\n\n\n\n<h3 class=\"wp-block-heading has-text-color has-medium-font-size\" style=\"color:#8dae10;text-transform:uppercase\"><strong><strong>UMGANG MIT SENSIBLEN INHALTEN IN DER LEHRE<\/strong><\/strong><\/h3>\n\n\n\n<p class=\"has-text-color has-link-color wp-elements-24baaa8d26f17d08b0c5fb59bbc8e953\" style=\"color:#17365c\">Was ist der richtige Umgang bei Themen wie Gewalt, Hetze, Diskriminierung und Flucht, die uns allt\u00e4glich in Texten, Bildern und Videos begegnen und oft auch Gegenstand von Lehre und Studium sind? Ob im eigenen Referat oder in der Vorlesung stellt sich immer wieder die Frage nach dem richtigen Umgang mit solchen sensiblen Themen. Das Projektteam hat aufgrund eigener Erfahrungen einen Arbeitskreis gegr\u00fcndet und m\u00f6chte sich intensiv mit diesem Thema auseinandersetzen. Geplant ist, zusammen mit Studierenden und Lehrenden zu dem Thema im Sommersemester eine Handreichung zu erstellen, die dann in Tutorien und in der Lehre implementiert werden soll.<\/p>\n\n\n\n<p><strong>Kontakt:<\/strong>&nbsp;<a href=\"mailto:Projekt-inhaltshinweise@rub.de\">Projekt-inhaltshinweise@rub.de<\/a><\/p>\n\n\n\n<p><strong>Website:<\/strong>&nbsp;<a href=\"https:\/\/inhaltshinweise.blogs.ruhr-uni-bochum.de\/\">Projekt Inhaltshinweise \u2013 Arbeitskreis \u201eUmgang mit sensiblen Inhalten in der Lehre\u201c (ruhr-uni-bochum.de)<\/a><\/p>\n\n\n\n<p><strong>Instagram:&nbsp;<\/strong><a href=\"https:\/\/www.instagram.com\/inhaltshinweise.rub\/\">Projekt-Inhaltshinweise RUB (@inhaltshinweise.rub)<\/a><\/p>\n\n\n\n<div style=\"height:29px\" aria-hidden=\"true\" class=\"wp-block-spacer\"><\/div>\n\n\n\n<hr class=\"wp-block-separator has-text-color has-alpha-channel-opacity has-background is-style-wide\" style=\"background-color:#e7e7e7;color:#e7e7e7\"\/>\n\n\n\n<h3 class=\"wp-block-heading has-text-color has-medium-font-size\" style=\"color:#8dae10;text-transform:uppercase\"><strong>Urban Gardening im Ruhrgebiet<\/strong><\/h3>\n\n\n\n<p class=\"has-text-color\" style=\"color:#17365c\">Das Projekt ist Teil des Nachhaltigkeitsforums der RUB. Studierende aus unterschiedlichen F\u00e4chern wollen sich wissenschaftlich und praktisch mit der Produktion von Lebensmitteln in der Stadt besch\u00e4ftigen, M\u00f6glichkeiten aufzeigen und Menschen zum Mitmachen motivieren und so ein besseres Bewusstsein f\u00fcr Nachhaltigkeit schaffen. Dazu werden wird ein regional g\u00fcltiger Leitfaden erstellt sowie Workshops und Exkursionen angeboten.<\/p>\n\n\n\n<div style=\"height:29px\" aria-hidden=\"true\" class=\"wp-block-spacer\"><\/div>\n\n\n\n<hr class=\"wp-block-separator has-text-color has-alpha-channel-opacity has-background is-style-wide\" style=\"background-color:#e7e7e7;color:#e7e7e7\"\/>\n\n\n\n<h3 class=\"wp-block-heading has-text-color has-medium-font-size\" style=\"color:#8dae10;text-transform:uppercase\"><strong>Visualize!<\/strong><\/h3>\n\n\n\n<p class=\"has-text-color\" style=\"color:#17365c\">Das Initiativprojekt setzt sich als Ziel die Verankerung des Bewusstseins, Lerninhalte \u00fcbersichtlich, individuell und f\u00fcr den Rezipienten attraktiv zu gestalten. Die soll durch die vermehrte Nutzung von Prezi und innovativen Mitschriftverfahren geschehen. Adressaten der Workshops sind Studierende aller F\u00e4cher.&nbsp;<\/p>\n\n\n\n<div style=\"height:29px\" aria-hidden=\"true\" class=\"wp-block-spacer\"><\/div>\n\n\n\n<hr class=\"wp-block-separator has-text-color has-alpha-channel-opacity has-background is-style-wide\" style=\"background-color:#e7e7e7;color:#e7e7e7\"\/>\n","protected":false},"excerpt":{"rendered":"<p>Sonstige Formate Bioabfall: Potenzial- und Wirtschaftlichkeitsanalyse Dabei untersuchen die Studierenden L\u00f6sungen f\u00fcr die Nutzung von organischen Abf\u00e4llen. Au\u00dferdem wird die M\u00f6glichkeit der Einf\u00fchrung einer Biotonne an (AKAF\u00d6-) Studentenwohnheimen. Um das &#8230;<\/p>\n","protected":false},"author":2,"featured_media":0,"parent":0,"menu_order":0,"comment_status":"closed","ping_status":"closed","template":"","meta":{"footnotes":""},"class_list":["post-205","page","type-page","status-publish","hentry"],"yoast_head":"<!-- This site is optimized with the Yoast SEO plugin v27.5 - https:\/\/yoast.com\/product\/yoast-seo-wordpress\/ -->\n<title>Sonstige Formate - Studentische Initiativprojekte<\/title>\n<meta name=\"robots\" content=\"index, follow, max-snippet:-1, max-image-preview:large, max-video-preview:-1\" \/>\n<link rel=\"canonical\" href=\"https:\/\/initiativprojekte.blogs.ruhr-uni-bochum.de\/Startseite\/sonstige-formate\/\" \/>\n<meta property=\"og:locale\" content=\"de_DE\" \/>\n<meta property=\"og:type\" content=\"article\" \/>\n<meta property=\"og:title\" content=\"Sonstige Formate - Studentische Initiativprojekte\" \/>\n<meta property=\"og:description\" content=\"Sonstige Formate Bioabfall: Potenzial- und Wirtschaftlichkeitsanalyse Dabei untersuchen die Studierenden L\u00f6sungen f\u00fcr die Nutzung von organischen Abf\u00e4llen. Au\u00dferdem wird die M\u00f6glichkeit der Einf\u00fchrung einer Biotonne an (AKAF\u00d6-) Studentenwohnheimen. Um das ...\" \/>\n<meta property=\"og:url\" content=\"https:\/\/initiativprojekte.blogs.ruhr-uni-bochum.de\/Startseite\/sonstige-formate\/\" \/>\n<meta property=\"og:site_name\" content=\"Studentische Initiativprojekte\" \/>\n<meta property=\"article:modified_time\" content=\"2024-08-26T15:22:20+00:00\" \/>\n<meta property=\"og:image\" content=\"https:\/\/Initiativprojekte.blogs.ruhr-uni-bochum.de\/wp-content\/uploads\/2021\/07\/08_Das-Projekt-Hermaion-verteilt-Flyer-1024x683.jpg\" \/>\n<meta name=\"twitter:card\" content=\"summary_large_image\" \/>\n<meta name=\"twitter:label1\" content=\"Gesch\u00e4tzte Lesezeit\" \/>\n\t<meta name=\"twitter:data1\" content=\"10\u00a0Minuten\" \/>\n<script type=\"application\/ld+json\" class=\"yoast-schema-graph\">{\"@context\":\"https:\\\/\\\/schema.org\",\"@graph\":[{\"@type\":\"WebPage\",\"@id\":\"https:\\\/\\\/initiativprojekte.blogs.ruhr-uni-bochum.de\\\/Startseite\\\/sonstige-formate\\\/\",\"url\":\"https:\\\/\\\/initiativprojekte.blogs.ruhr-uni-bochum.de\\\/Startseite\\\/sonstige-formate\\\/\",\"name\":\"Sonstige Formate - Studentische Initiativprojekte\",\"isPartOf\":{\"@id\":\"https:\\\/\\\/initiativprojekte.blogs.ruhr-uni-bochum.de\\\/Startseite\\\/#website\"},\"primaryImageOfPage\":{\"@id\":\"https:\\\/\\\/initiativprojekte.blogs.ruhr-uni-bochum.de\\\/Startseite\\\/sonstige-formate\\\/#primaryimage\"},\"image\":{\"@id\":\"https:\\\/\\\/initiativprojekte.blogs.ruhr-uni-bochum.de\\\/Startseite\\\/sonstige-formate\\\/#primaryimage\"},\"thumbnailUrl\":\"https:\\\/\\\/Initiativprojekte.blogs.ruhr-uni-bochum.de\\\/wp-content\\\/uploads\\\/2021\\\/07\\\/08_Das-Projekt-Hermaion-verteilt-Flyer-1024x683.jpg\",\"datePublished\":\"2021-07-29T10:37:51+00:00\",\"dateModified\":\"2024-08-26T15:22:20+00:00\",\"breadcrumb\":{\"@id\":\"https:\\\/\\\/initiativprojekte.blogs.ruhr-uni-bochum.de\\\/Startseite\\\/sonstige-formate\\\/#breadcrumb\"},\"inLanguage\":\"de\",\"potentialAction\":[{\"@type\":\"ReadAction\",\"target\":[\"https:\\\/\\\/initiativprojekte.blogs.ruhr-uni-bochum.de\\\/Startseite\\\/sonstige-formate\\\/\"]}]},{\"@type\":\"ImageObject\",\"inLanguage\":\"de\",\"@id\":\"https:\\\/\\\/initiativprojekte.blogs.ruhr-uni-bochum.de\\\/Startseite\\\/sonstige-formate\\\/#primaryimage\",\"url\":\"https:\\\/\\\/Initiativprojekte.blogs.ruhr-uni-bochum.de\\\/wp-content\\\/uploads\\\/2021\\\/07\\\/08_Das-Projekt-Hermaion-verteilt-Flyer-1024x683.jpg\",\"contentUrl\":\"https:\\\/\\\/Initiativprojekte.blogs.ruhr-uni-bochum.de\\\/wp-content\\\/uploads\\\/2021\\\/07\\\/08_Das-Projekt-Hermaion-verteilt-Flyer-1024x683.jpg\"},{\"@type\":\"BreadcrumbList\",\"@id\":\"https:\\\/\\\/initiativprojekte.blogs.ruhr-uni-bochum.de\\\/Startseite\\\/sonstige-formate\\\/#breadcrumb\",\"itemListElement\":[{\"@type\":\"ListItem\",\"position\":1,\"name\":\"Startseite\",\"item\":\"https:\\\/\\\/initiativprojekte.blogs.ruhr-uni-bochum.de\\\/Startseite\\\/\"},{\"@type\":\"ListItem\",\"position\":2,\"name\":\"Sonstige Formate\"}]},{\"@type\":\"WebSite\",\"@id\":\"https:\\\/\\\/initiativprojekte.blogs.ruhr-uni-bochum.de\\\/Startseite\\\/#website\",\"url\":\"https:\\\/\\\/initiativprojekte.blogs.ruhr-uni-bochum.de\\\/Startseite\\\/\",\"name\":\"Studentische Initiativprojekte\",\"description\":\"In der Lehre\",\"publisher\":{\"@id\":\"https:\\\/\\\/initiativprojekte.blogs.ruhr-uni-bochum.de\\\/Startseite\\\/#organization\"},\"potentialAction\":[{\"@type\":\"SearchAction\",\"target\":{\"@type\":\"EntryPoint\",\"urlTemplate\":\"https:\\\/\\\/initiativprojekte.blogs.ruhr-uni-bochum.de\\\/Startseite\\\/?s={search_term_string}\"},\"query-input\":{\"@type\":\"PropertyValueSpecification\",\"valueRequired\":true,\"valueName\":\"search_term_string\"}}],\"inLanguage\":\"de\"},{\"@type\":\"Organization\",\"@id\":\"https:\\\/\\\/initiativprojekte.blogs.ruhr-uni-bochum.de\\\/Startseite\\\/#organization\",\"name\":\"Studentische Initiativprojekte\",\"url\":\"https:\\\/\\\/initiativprojekte.blogs.ruhr-uni-bochum.de\\\/Startseite\\\/\",\"logo\":{\"@type\":\"ImageObject\",\"inLanguage\":\"de\",\"@id\":\"https:\\\/\\\/initiativprojekte.blogs.ruhr-uni-bochum.de\\\/Startseite\\\/#\\\/schema\\\/logo\\\/image\\\/\",\"url\":\"https:\\\/\\\/Initiativprojekte.blogs.ruhr-uni-bochum.de\\\/wp-content\\\/uploads\\\/2023\\\/06\\\/Logo_Studentische-Initiativprojekte_RUB_Pfad_final_RGB_Webseite-2-e1686670073199.png\",\"contentUrl\":\"https:\\\/\\\/Initiativprojekte.blogs.ruhr-uni-bochum.de\\\/wp-content\\\/uploads\\\/2023\\\/06\\\/Logo_Studentische-Initiativprojekte_RUB_Pfad_final_RGB_Webseite-2-e1686670073199.png\",\"width\":250,\"height\":81,\"caption\":\"Studentische Initiativprojekte\"},\"image\":{\"@id\":\"https:\\\/\\\/initiativprojekte.blogs.ruhr-uni-bochum.de\\\/Startseite\\\/#\\\/schema\\\/logo\\\/image\\\/\"}}]}<\/script>\n<!-- \/ Yoast SEO plugin. -->","yoast_head_json":{"title":"Sonstige Formate - Studentische Initiativprojekte","robots":{"index":"index","follow":"follow","max-snippet":"max-snippet:-1","max-image-preview":"max-image-preview:large","max-video-preview":"max-video-preview:-1"},"canonical":"https:\/\/initiativprojekte.blogs.ruhr-uni-bochum.de\/Startseite\/sonstige-formate\/","og_locale":"de_DE","og_type":"article","og_title":"Sonstige Formate - Studentische Initiativprojekte","og_description":"Sonstige Formate Bioabfall: Potenzial- und Wirtschaftlichkeitsanalyse Dabei untersuchen die Studierenden L\u00f6sungen f\u00fcr die Nutzung von organischen Abf\u00e4llen. Au\u00dferdem wird die M\u00f6glichkeit der Einf\u00fchrung einer Biotonne an (AKAF\u00d6-) Studentenwohnheimen. Um das ...","og_url":"https:\/\/initiativprojekte.blogs.ruhr-uni-bochum.de\/Startseite\/sonstige-formate\/","og_site_name":"Studentische Initiativprojekte","article_modified_time":"2024-08-26T15:22:20+00:00","og_image":[{"url":"https:\/\/Initiativprojekte.blogs.ruhr-uni-bochum.de\/wp-content\/uploads\/2021\/07\/08_Das-Projekt-Hermaion-verteilt-Flyer-1024x683.jpg","type":"","width":"","height":""}],"twitter_card":"summary_large_image","twitter_misc":{"Gesch\u00e4tzte Lesezeit":"10\u00a0Minuten"},"schema":{"@context":"https:\/\/schema.org","@graph":[{"@type":"WebPage","@id":"https:\/\/initiativprojekte.blogs.ruhr-uni-bochum.de\/Startseite\/sonstige-formate\/","url":"https:\/\/initiativprojekte.blogs.ruhr-uni-bochum.de\/Startseite\/sonstige-formate\/","name":"Sonstige Formate - Studentische Initiativprojekte","isPartOf":{"@id":"https:\/\/initiativprojekte.blogs.ruhr-uni-bochum.de\/Startseite\/#website"},"primaryImageOfPage":{"@id":"https:\/\/initiativprojekte.blogs.ruhr-uni-bochum.de\/Startseite\/sonstige-formate\/#primaryimage"},"image":{"@id":"https:\/\/initiativprojekte.blogs.ruhr-uni-bochum.de\/Startseite\/sonstige-formate\/#primaryimage"},"thumbnailUrl":"https:\/\/Initiativprojekte.blogs.ruhr-uni-bochum.de\/wp-content\/uploads\/2021\/07\/08_Das-Projekt-Hermaion-verteilt-Flyer-1024x683.jpg","datePublished":"2021-07-29T10:37:51+00:00","dateModified":"2024-08-26T15:22:20+00:00","breadcrumb":{"@id":"https:\/\/initiativprojekte.blogs.ruhr-uni-bochum.de\/Startseite\/sonstige-formate\/#breadcrumb"},"inLanguage":"de","potentialAction":[{"@type":"ReadAction","target":["https:\/\/initiativprojekte.blogs.ruhr-uni-bochum.de\/Startseite\/sonstige-formate\/"]}]},{"@type":"ImageObject","inLanguage":"de","@id":"https:\/\/initiativprojekte.blogs.ruhr-uni-bochum.de\/Startseite\/sonstige-formate\/#primaryimage","url":"https:\/\/Initiativprojekte.blogs.ruhr-uni-bochum.de\/wp-content\/uploads\/2021\/07\/08_Das-Projekt-Hermaion-verteilt-Flyer-1024x683.jpg","contentUrl":"https:\/\/Initiativprojekte.blogs.ruhr-uni-bochum.de\/wp-content\/uploads\/2021\/07\/08_Das-Projekt-Hermaion-verteilt-Flyer-1024x683.jpg"},{"@type":"BreadcrumbList","@id":"https:\/\/initiativprojekte.blogs.ruhr-uni-bochum.de\/Startseite\/sonstige-formate\/#breadcrumb","itemListElement":[{"@type":"ListItem","position":1,"name":"Startseite","item":"https:\/\/initiativprojekte.blogs.ruhr-uni-bochum.de\/Startseite\/"},{"@type":"ListItem","position":2,"name":"Sonstige Formate"}]},{"@type":"WebSite","@id":"https:\/\/initiativprojekte.blogs.ruhr-uni-bochum.de\/Startseite\/#website","url":"https:\/\/initiativprojekte.blogs.ruhr-uni-bochum.de\/Startseite\/","name":"Studentische Initiativprojekte","description":"In der Lehre","publisher":{"@id":"https:\/\/initiativprojekte.blogs.ruhr-uni-bochum.de\/Startseite\/#organization"},"potentialAction":[{"@type":"SearchAction","target":{"@type":"EntryPoint","urlTemplate":"https:\/\/initiativprojekte.blogs.ruhr-uni-bochum.de\/Startseite\/?s={search_term_string}"},"query-input":{"@type":"PropertyValueSpecification","valueRequired":true,"valueName":"search_term_string"}}],"inLanguage":"de"},{"@type":"Organization","@id":"https:\/\/initiativprojekte.blogs.ruhr-uni-bochum.de\/Startseite\/#organization","name":"Studentische Initiativprojekte","url":"https:\/\/initiativprojekte.blogs.ruhr-uni-bochum.de\/Startseite\/","logo":{"@type":"ImageObject","inLanguage":"de","@id":"https:\/\/initiativprojekte.blogs.ruhr-uni-bochum.de\/Startseite\/#\/schema\/logo\/image\/","url":"https:\/\/Initiativprojekte.blogs.ruhr-uni-bochum.de\/wp-content\/uploads\/2023\/06\/Logo_Studentische-Initiativprojekte_RUB_Pfad_final_RGB_Webseite-2-e1686670073199.png","contentUrl":"https:\/\/Initiativprojekte.blogs.ruhr-uni-bochum.de\/wp-content\/uploads\/2023\/06\/Logo_Studentische-Initiativprojekte_RUB_Pfad_final_RGB_Webseite-2-e1686670073199.png","width":250,"height":81,"caption":"Studentische Initiativprojekte"},"image":{"@id":"https:\/\/initiativprojekte.blogs.ruhr-uni-bochum.de\/Startseite\/#\/schema\/logo\/image\/"}}]}},"featured_image_src":null,"featured_image_src_square":null,"_links":{"self":[{"href":"https:\/\/initiativprojekte.blogs.ruhr-uni-bochum.de\/Startseite\/wp-json\/wp\/v2\/pages\/205","targetHints":{"allow":["GET"]}}],"collection":[{"href":"https:\/\/initiativprojekte.blogs.ruhr-uni-bochum.de\/Startseite\/wp-json\/wp\/v2\/pages"}],"about":[{"href":"https:\/\/initiativprojekte.blogs.ruhr-uni-bochum.de\/Startseite\/wp-json\/wp\/v2\/types\/page"}],"author":[{"embeddable":true,"href":"https:\/\/initiativprojekte.blogs.ruhr-uni-bochum.de\/Startseite\/wp-json\/wp\/v2\/users\/2"}],"replies":[{"embeddable":true,"href":"https:\/\/initiativprojekte.blogs.ruhr-uni-bochum.de\/Startseite\/wp-json\/wp\/v2\/comments?post=205"}],"version-history":[{"count":14,"href":"https:\/\/initiativprojekte.blogs.ruhr-uni-bochum.de\/Startseite\/wp-json\/wp\/v2\/pages\/205\/revisions"}],"predecessor-version":[{"id":2477,"href":"https:\/\/initiativprojekte.blogs.ruhr-uni-bochum.de\/Startseite\/wp-json\/wp\/v2\/pages\/205\/revisions\/2477"}],"wp:attachment":[{"href":"https:\/\/initiativprojekte.blogs.ruhr-uni-bochum.de\/Startseite\/wp-json\/wp\/v2\/media?parent=205"}],"curies":[{"name":"wp","href":"https:\/\/api.w.org\/{rel}","templated":true}]}}